{"id":573,"date":"2024-12-07T23:35:50","date_gmt":"2024-12-07T22:35:50","guid":{"rendered":"https:\/\/walle.net\/wordpress\/?page_id=573"},"modified":"2024-12-08T18:12:50","modified_gmt":"2024-12-08T17:12:50","slug":"zitate-1","status":"publish","type":"page","link":"https:\/\/walle.net\/wordpress\/moelln\/zitate-1\/","title":{"rendered":"Zitate 1"},"content":{"rendered":"\n<div class=\"wp-block-columns is-layout-flex wp-container-core-columns-is-layout-28f84493 wp-block-columns-is-layout-flex\">\n<div class=\"wp-block-column is-layout-flow wp-block-column-is-layout-flow\" style=\"padding-right:var(--wp--preset--spacing--40);padding-left:var(--wp--preset--spacing--40);flex-basis:66.66%\">\n<figure class=\"wp-block-image aligncenter size-full\"><img loading=\"lazy\" decoding=\"async\" width=\"940\" height=\"633\" src=\"https:\/\/walle.net\/wordpress\/wp-content\/uploads\/2024\/12\/199206833.jpg\" alt=\"\" class=\"wp-image-601\" srcset=\"https:\/\/walle.net\/wordpress\/wp-content\/uploads\/2024\/12\/199206833.jpg 940w, https:\/\/walle.net\/wordpress\/wp-content\/uploads\/2024\/12\/199206833-300x202.jpg 300w, https:\/\/walle.net\/wordpress\/wp-content\/uploads\/2024\/12\/199206833-768x517.jpg 768w\" sizes=\"auto, (max-width: 940px) 100vw, 940px\" \/><figcaption class=\"wp-element-caption\">M\u00f6lln vor M\u00f6lln (#2)<br>Nach rechtsextremistischen \u00dcbergriffen in Hoyerswerda und Rostock protestieren M\u00f6llner gegen Rassismus und Faschismus.<\/figcaption><\/figure>\n\n\n\n<div style=\"height:100px\" aria-hidden=\"true\" class=\"wp-block-spacer\"><\/div>\n\n\n\n<p class=\"has-foreground-color has-text-color has-link-color has-medium-font-size wp-elements-e64d94c5c80741abc2203d3e3a0dee2f\">Nazim Arslan am 23. Juni 1993 vor dem II. Strafsenat,<br>Oberlandesgericht Schleswig<\/p>\n\n\n\n<p class=\"has-body-text-color has-text-color has-link-color wp-elements-ca08b2e12fd67c949f01aa5ca7de3624\">Ich kann es immer noch nicht fassen, was am 23. November 1992 mit meiner Familie geschehen ist. Es ist so schrecklich und grausam. Meine Frau Bahide ist tot, Enkelin Yeliz und Ayse Yilmaz sind tot. Meine Schwiegert\u00f6chter sind \u2026 behindert und haben Schmerzen, die Familie ist \u00fcberhaupt nicht mehr, was sie war. Meine Frau Bahide war der Mittelpunkt meiner Familie &#8211; meines Lebens.<br>\u2026 Man hat uns hergebeten, wir sind gekommen, weil in Deutschland Arbeitskr\u00e4fte gesucht wurden &#8211; und wir haben gearbeitet. Beide haben wir gearbeitet.<br>\u2026 Das Grauen und der Schrecken sind f\u00fcr mich noch immerzu da. Jedesmal, wenn ich in die M\u00fchlenstra\u00dfe gehe und das ausgebrannte Haus sehe, denke ich an diese grausame Nacht. \u2026 Ich h\u00f6re die Schreie, sehe das Flackern vom Feuer und das blaue Licht der Feuerwehr, h\u00f6re das laute Get\u00f6se von dem Feuer und sehe immer wieder das Bild, wie meine Frau im Rauch und Feuer verschwindet.<br>\u2026 Es ist mir auch so unverst\u00e4ndlich, wof\u00fcr, warum meine Frau und die zwei M\u00e4dchen sterben mu\u00dften. Weil sie T\u00fcrkinnen waren?! Weil diese M\u00e4nner unmenschliche politische Ideen ausf\u00fchren wollten?<br>Man hat uns doch hergebeten, wir kamen als Gastarbeiter. Wir waren hier G\u00e4ste! Wissen Sie, was Gastfreundschaft in der T\u00fcrkei bedeutet? \u2026 So ein b\u00f6sartiges Verbrechen kann ich nicht verstehen.<\/p>\n\n\n\n<div style=\"height:100px\" aria-hidden=\"true\" class=\"wp-block-spacer\"><\/div>\n\n\n\n<p class=\"has-foreground-color has-text-color has-link-color has-medium-font-size wp-elements-421104befbc55cd62b2112cd515f8369\">&#8222;Die Zeit&#8220; am 11. Dezember 1992<\/p>\n\n\n\n<p class=\"has-body-text-color has-text-color has-link-color wp-elements-18329d49b00d19a40bfe49fa0dbab1ca\">M\u00f6lln f\u00fchlt sich unschuldig. &#8222;Wie soll eine kleine Stadt denn verhindern, da\u00df sich sp\u00e4t in der Nacht ein paar Leute von irgendwoher anschleichen und ein Feuer legen? Das k\u00f6nnte doch \u00fcberall passieren.&#8220; Aber es ist in M\u00f6lln passiert. Und wie sich herausstellt, sind die T\u00e4ter keine Fremden, sondern die eigenen Kinder.<\/p>\n\n\n\n<div style=\"height:100px\" aria-hidden=\"true\" class=\"wp-block-spacer\"><\/div>\n\n\n\n<figure class=\"wp-block-image aligncenter size-full\"><img loading=\"lazy\" decoding=\"async\" width=\"635\" height=\"940\" src=\"https:\/\/walle.net\/wordpress\/wp-content\/uploads\/2024\/12\/199207208-1.jpg\" alt=\"\" class=\"wp-image-610\" srcset=\"https:\/\/walle.net\/wordpress\/wp-content\/uploads\/2024\/12\/199207208-1.jpg 635w, https:\/\/walle.net\/wordpress\/wp-content\/uploads\/2024\/12\/199207208-1-203x300.jpg 203w\" sizes=\"auto, (max-width: 635px) 100vw, 635px\" \/><figcaption class=\"wp-element-caption\">Haust\u00fcr M\u00fchlenstra\u00dfe 9 nach dem Brandanschlag<br>Eine Brandbombe wurde gezielt durch die Eingangst\u00fcr geworfen, so da\u00df innerhalb k\u00fcrzester Zeit das gesamte Treppenhaus brannte. F\u00fcr die im Obergescho\u00df Schlafenden war es unm\u00f6glich, den Flammen zu entkommen.<\/figcaption><\/figure>\n\n\n\n<div style=\"height:100px\" aria-hidden=\"true\" class=\"wp-block-spacer\"><\/div>\n\n\n\n<p class=\"has-foreground-color has-text-color has-link-color has-medium-font-size wp-elements-193d2ac59ada866408af8044400f034e\">Serkan Demirtas, M\u00f6llner t\u00fcrkischer Abstammung, im November 1993<\/p>\n\n\n\n<p class=\"has-body-text-color has-text-color has-link-color wp-elements-239c9cad0e77905ae28bf855d4c129b9\">Ich glaube, die deutsche Bev\u00f6lkerung hat den Anschlag als sehr grausam empfunden &#8230;, aber &#8230; man will das nicht als Rechtsradikalismus erkennen; man kommt in der Analyse sehr schnell auf Asylbewerberzahlen und Ausl\u00e4nderkriminalit\u00e4t. Das hat man nicht richtig auseinanderhalten k\u00f6nnen.<\/p>\n\n\n\n<div style=\"height:100px\" aria-hidden=\"true\" class=\"wp-block-spacer\"><\/div>\n\n\n\n<p class=\"has-foreground-color has-text-color has-link-color has-medium-font-size wp-elements-0fef38eeaa40bd70e75a83cec6a9373f\">Ein Einwohner M\u00f6llns w\u00e4hrend einer Wahlkampfveranstaltung im M\u00e4rz 1994<\/p>\n\n\n\n<p class=\"has-body-text-color has-text-color has-link-color wp-elements-1d768ff418e674b392fe625bf503d36f\">Ich habe mich damals aufgerafft, in einer Diskussion die T\u00fcrken zu fragen: &#8222;Warum schlie\u00dft Ihr Eure Frauen immer ein, wenn Ihr weggeht?&#8220; Da wurde zu mir gesagt: &#8222;Das ist Kultur, das geht Sie gar nichts an.&#8220; Wenn das &#8211; nach meiner Meinung &#8211; nicht passiert w\u00e4re, da\u00df die Frauen eingeschlossen waren, dann w\u00e4ren sie auch nicht verbrannt.<\/p>\n\n\n\n<div style=\"height:100px\" aria-hidden=\"true\" class=\"wp-block-spacer\"><\/div>\n\n\n\n<figure class=\"wp-block-image aligncenter size-full\"><img loading=\"lazy\" decoding=\"async\" width=\"633\" height=\"940\" src=\"https:\/\/walle.net\/wordpress\/wp-content\/uploads\/2024\/12\/199207701.jpg\" alt=\"\" class=\"wp-image-603\" srcset=\"https:\/\/walle.net\/wordpress\/wp-content\/uploads\/2024\/12\/199207701.jpg 633w, https:\/\/walle.net\/wordpress\/wp-content\/uploads\/2024\/12\/199207701-202x300.jpg 202w\" sizes=\"auto, (max-width: 633px) 100vw, 633px\" \/><figcaption class=\"wp-element-caption\"><br>F. Arslan, Vater der ermordeten Yeliz,<br>mit deren Bild<\/figcaption><\/figure>\n\n\n\n<div style=\"height:100px\" aria-hidden=\"true\" class=\"wp-block-spacer\"><\/div>\n\n\n\n<p class=\"has-foreground-color has-text-color has-link-color has-medium-font-size wp-elements-f8307f3e2047277cb45bb1d2e130acfe\">&#8222;L\u00fcbecker Nachrichten&#8220; vom 29. September 1993<\/p>\n\n\n\n<p class=\"has-body-text-color has-text-color has-link-color wp-elements-2f9cda7f519eaa59ec549ae8a621b4ae\">Die gro\u00dfe Furcht, Asylbewerber aus Horst k\u00f6nnten Lauenburg unsicher machen, hat sich indes nicht bewahrheitet. &#8230; Dies liege wohl auch daran, da\u00df in Horst und Boizenburg bislang erst 230 Asylbewerber untergebracht seien; geplant ist die zentrale Asyleinrichtung nach wie vor f\u00fcr bis zu 800 Fl\u00fcchtlinge.<\/p>\n\n\n\n<div style=\"height:100px\" aria-hidden=\"true\" class=\"wp-block-spacer\"><\/div>\n\n\n\n<figure class=\"wp-block-image aligncenter size-full\"><img loading=\"lazy\" decoding=\"async\" width=\"940\" height=\"634\" src=\"https:\/\/walle.net\/wordpress\/wp-content\/uploads\/2024\/12\/199207709.jpg\" alt=\"\" class=\"wp-image-604\" srcset=\"https:\/\/walle.net\/wordpress\/wp-content\/uploads\/2024\/12\/199207709.jpg 940w, https:\/\/walle.net\/wordpress\/wp-content\/uploads\/2024\/12\/199207709-300x202.jpg 300w, https:\/\/walle.net\/wordpress\/wp-content\/uploads\/2024\/12\/199207709-768x518.jpg 768w\" sizes=\"auto, (max-width: 940px) 100vw, 940px\" \/><figcaption class=\"wp-element-caption\">Am Abend nach den Brandanschl\u00e4gen (#2)<\/figcaption><\/figure>\n\n\n\n<div style=\"height:100px\" aria-hidden=\"true\" class=\"wp-block-spacer\"><\/div>\n\n\n\n<p class=\"has-foreground-color has-text-color has-link-color has-medium-font-size wp-elements-ea0c1ab0a5a5e1db0ba6af4741c34fd3\">Oberstaatsanwalt Klaus Pflieger, Schlu\u00dfvortrag der Bundesanwaltschaft im &#8222;M\u00f6lln-Proze\u00df&#8220; am 10. November 1993 vor dem Oberlandesgericht Schleswig<\/p>\n\n\n\n<p class=\"has-body-text-color has-text-color has-link-color wp-elements-d6883c1c45f2ddb7257f781512a8cf99\">M\u00f6lln ist &#8230; im In- und Ausland zu einem Symbol des Fremdenhasses geworden. M\u00f6lln hat andererseits aber auch zu einer neuen Sensibilit\u00e4t im Umgang mit ausl\u00e4ndischen Mitb\u00fcrgern gef\u00fchrt.<\/p>\n\n\n\n<div style=\"height:100px\" aria-hidden=\"true\" class=\"wp-block-spacer\"><\/div>\n\n\n\n<p class=\"has-foreground-color has-text-color has-link-color has-medium-font-size wp-elements-538c3ebd2c586625a4c00fd30e71ed04\">Heinrich Lummer, Berliner CDU-Abgeordneter, im Juni 1993<\/p>\n\n\n\n<p class=\"has-body-text-color has-text-color has-link-color wp-elements-f27736d67bbef52f8bbf757f6a8753f2\">Die Deutschen haben einen Anspruch auf Schutz vor Ausl\u00e4ndern.<\/p>\n\n\n\n<div style=\"height:100px\" aria-hidden=\"true\" class=\"wp-block-spacer\"><\/div>\n\n\n\n<figure class=\"wp-block-image size-full\"><img loading=\"lazy\" decoding=\"async\" width=\"940\" height=\"630\" src=\"https:\/\/walle.net\/wordpress\/wp-content\/uploads\/2024\/12\/199208415-1.jpg\" alt=\"\" class=\"wp-image-613\" srcset=\"https:\/\/walle.net\/wordpress\/wp-content\/uploads\/2024\/12\/199208415-1.jpg 940w, https:\/\/walle.net\/wordpress\/wp-content\/uploads\/2024\/12\/199208415-1-300x201.jpg 300w, https:\/\/walle.net\/wordpress\/wp-content\/uploads\/2024\/12\/199208415-1-768x515.jpg 768w\" sizes=\"auto, (max-width: 940px) 100vw, 940px\" \/><figcaption class=\"wp-element-caption\">Demonstration nach den Brandanschl\u00e4gen (#5)<\/figcaption><\/figure>\n\n\n\n<div style=\"height:100px\" aria-hidden=\"true\" class=\"wp-block-spacer\"><\/div>\n\n\n\n<p class=\"has-foreground-color has-text-color has-link-color has-medium-font-size wp-elements-a1f53067536fd05d50587e55b29adb08\">M\u00f6llns B\u00fcrgermeister Joachim D\u00f6rfler am 23. November 1992<\/p>\n\n\n\n<p class=\"has-body-text-color has-text-color has-link-color wp-elements-984eb97b187e33d25d224aebcdd64440\">Ich kann nur mit den Worten meines achtj\u00e4hrigen Sohnes sprechen, der heute morgen, als er das erfuhr, sagte: &#8222;Papi, in einer solchen Stadt m\u00f6chte ich nicht mehr leben, wenn das so weitergeht. Auch nicht in einem solchen Land.&#8220;<\/p>\n\n\n\n<div style=\"height:100px\" aria-hidden=\"true\" class=\"wp-block-spacer\"><\/div>\n\n\n\n<figure class=\"wp-block-image aligncenter size-full\"><img loading=\"lazy\" decoding=\"async\" width=\"940\" height=\"635\" src=\"https:\/\/walle.net\/wordpress\/wp-content\/uploads\/2024\/12\/199207913-1.jpg\" alt=\"\" class=\"wp-image-612\" srcset=\"https:\/\/walle.net\/wordpress\/wp-content\/uploads\/2024\/12\/199207913-1.jpg 940w, https:\/\/walle.net\/wordpress\/wp-content\/uploads\/2024\/12\/199207913-1-300x203.jpg 300w, https:\/\/walle.net\/wordpress\/wp-content\/uploads\/2024\/12\/199207913-1-768x519.jpg 768w\" sizes=\"auto, (max-width: 940px) 100vw, 940px\" \/><figcaption class=\"wp-element-caption\">Sch\u00fcler und Sch\u00fclerinnen demonstrieren in Ratzeburg. (#1)<\/figcaption><\/figure>\n\n\n\n<div style=\"height:100px\" aria-hidden=\"true\" class=\"wp-block-spacer\"><\/div>\n\n\n\n<p class=\"has-foreground-color has-text-color has-link-color has-medium-font-size wp-elements-7129f08a9cfe4bde953bf0fb141c7a0d\">&#8222;Hamburger Abendblatt&#8220; vom 24. November 1992<\/p>\n\n\n\n<p class=\"has-body-text-color has-text-color has-link-color wp-elements-7b25481cb32e3c0e50257a386bd379f2\">Hoyerswerda, Rostock, M\u00f6lln und dazwischen der t\u00e4gliche Terror &#8211; die Liste der neudeutschen Schande wird immer l\u00e4nger. F\u00fcr jeden Deutschen &#8230; ist es an der Zeit &#8230;, sich dar\u00fcber klar zu werden, was auch f\u00fcr ihn auf dem Spiel steht. &#8230; Worum es geht, das sind Menschlichkeit und Menschenw\u00fcrde &#8211; auch unsere.<\/p>\n\n\n\n<div style=\"height:100px\" aria-hidden=\"true\" class=\"wp-block-spacer\"><\/div>\n\n\n\n<p class=\"has-foreground-color has-text-color has-link-color has-medium-font-size wp-elements-f8db1280b5fa020e172e92dc477879f3\">&#8222;Die Zeit&#8220; am 04. Juni 1993<\/p>\n\n\n\n<p class=\"has-body-text-color has-text-color has-link-color wp-elements-0f621b0f4232679dad451c4b46a93466\">Man sieht die Bilder der ausgebrannten Ruine, die Blumen, sieht Ohnmacht und Trauer, die Aggressionen &#8211; und blickt in einen Spiegel. Dieser Blick geht mitten in die Gesellschaft, ins fremde Innere der eigenen Republik.<\/p>\n\n\n\n<div style=\"height:100px\" aria-hidden=\"true\" class=\"wp-block-spacer\"><\/div>\n\n\n\n<p class=\"has-foreground-color has-text-color has-link-color has-medium-font-size wp-elements-e302e9478bc7897307aa183be43ff89f\">Evert Tezcan, Generalkonsul der T\u00fcrkei, am 23. November 1992<\/p>\n\n\n\n<p class=\"has-body-text-color has-text-color has-link-color wp-elements-1fe91101cf667a1666122bc8e2d9f240\">Ich kann gar nicht glauben, da\u00df wir in 1992, in einem Europa leben.<\/p>\n\n\n\n<div style=\"height:100px\" aria-hidden=\"true\" class=\"wp-block-spacer\"><\/div>\n\n\n\n<figure class=\"wp-block-image aligncenter size-full\"><img loading=\"lazy\" decoding=\"async\" width=\"940\" height=\"635\" src=\"https:\/\/walle.net\/wordpress\/wp-content\/uploads\/2024\/12\/199208412-1.jpg\" alt=\"\" class=\"wp-image-611\" srcset=\"https:\/\/walle.net\/wordpress\/wp-content\/uploads\/2024\/12\/199208412-1.jpg 940w, https:\/\/walle.net\/wordpress\/wp-content\/uploads\/2024\/12\/199208412-1-300x203.jpg 300w, https:\/\/walle.net\/wordpress\/wp-content\/uploads\/2024\/12\/199208412-1-768x519.jpg 768w\" sizes=\"auto, (max-width: 940px) 100vw, 940px\" \/><figcaption class=\"wp-element-caption\">Demonstration nach den Brandanschl\u00e4gen (#6)<\/figcaption><\/figure>\n\n\n\n<div style=\"height:100px\" aria-hidden=\"true\" class=\"wp-block-spacer\"><\/div>\n<\/div>\n\n\n\n<div class=\"wp-block-column is-layout-flow wp-block-column-is-layout-flow\" style=\"flex-basis:33.33%\">\n<ul class=\"wp-block-list\">\n<li><a href=\"https:\/\/walle.net\/wordpress\/moelln\/\" data-type=\"page\" data-id=\"543\">M\u00f6lln nach M\u00f6lln<\/a><\/li>\n\n\n\n<li><a href=\"https:\/\/walle.net\/wordpress\/moelln\/moelln2\/\" data-type=\"page\" data-id=\"543\">M\u00f6lln hat viele Gesichter<\/a><\/li>\n\n\n\n<li><a href=\"https:\/\/walle.net\/wordpress\/moelln\/zitate-1\/\" data-type=\"page\" data-id=\"573\">Zitate 1<\/a><\/li>\n\n\n\n<li><a href=\"https:\/\/walle.net\/wordpress\/moelln\/zitate-2\/\" data-type=\"page\" data-id=\"543\">Zitate 2<\/a><\/li>\n\n\n\n<li><a href=\"https:\/\/walle.net\/wordpress\/moelln\/chronologie\/\" data-type=\"page\" data-id=\"543\">Chronologie<\/a><\/li>\n\n\n\n<li><a href=\"https:\/\/walle.net\/wordpress\/moelln\/presse\/\" data-type=\"page\" data-id=\"543\">Pressestimmen<\/a><\/li>\n\n\n\n<li><a href=\"https:\/\/walle.net\/wordpress\/moelln\/autor\/\" data-type=\"page\" data-id=\"543\">Autor<\/a><\/li>\n\n\n\n<li><a href=\"https:\/\/walle.net\/wordpress\/moelln\/ausstellung\/\" data-type=\"page\" data-id=\"543\">Ausstellung<\/a><\/li>\n\n\n\n<li><a href=\"https:\/\/walle.net\/wordpress\/moelln\/interview\/\" data-type=\"page\" data-id=\"543\">Interview<\/a><\/li>\n<\/ul>\n<\/div>\n<\/div>\n","protected":false},"excerpt":{"rendered":"<p>Nazim Arslan am 23. Juni 1993 vor dem II. Strafsenat,Oberlandesgericht Schleswig Ich kann es immer [&hellip;]<\/p>\n","protected":false},"author":1,"featured_media":0,"parent":543,"menu_order":3,"comment_status":"closed","ping_status":"closed","template":"","meta":{"footnotes":""},"class_list":["post-573","page","type-page","status-publish","hentry"],"_links":{"self":[{"href":"https:\/\/walle.net\/wordpress\/wp-json\/wp\/v2\/pages\/573","targetHints":{"allow":["GET"]}}],"collection":[{"href":"https:\/\/walle.net\/wordpress\/wp-json\/wp\/v2\/pages"}],"about":[{"href":"https:\/\/walle.net\/wordpress\/wp-json\/wp\/v2\/types\/page"}],"author":[{"embeddable":true,"href":"https:\/\/walle.net\/wordpress\/wp-json\/wp\/v2\/users\/1"}],"replies":[{"embeddable":true,"href":"https:\/\/walle.net\/wordpress\/wp-json\/wp\/v2\/comments?post=573"}],"version-history":[{"count":19,"href":"https:\/\/walle.net\/wordpress\/wp-json\/wp\/v2\/pages\/573\/revisions"}],"predecessor-version":[{"id":865,"href":"https:\/\/walle.net\/wordpress\/wp-json\/wp\/v2\/pages\/573\/revisions\/865"}],"up":[{"embeddable":true,"href":"https:\/\/walle.net\/wordpress\/wp-json\/wp\/v2\/pages\/543"}],"wp:attachment":[{"href":"https:\/\/walle.net\/wordpress\/wp-json\/wp\/v2\/media?parent=573"}],"curies":[{"name":"wp","href":"https:\/\/api.w.org\/{rel}","templated":true}]}}