{"id":640,"date":"2024-12-08T09:03:11","date_gmt":"2024-12-08T08:03:11","guid":{"rendered":"https:\/\/walle.net\/wordpress\/?page_id=640"},"modified":"2024-12-08T18:14:49","modified_gmt":"2024-12-08T17:14:49","slug":"chronologie","status":"publish","type":"page","link":"https:\/\/walle.net\/wordpress\/moelln\/chronologie\/","title":{"rendered":"Chronologie"},"content":{"rendered":"\n<div class=\"wp-block-columns is-layout-flex wp-container-core-columns-is-layout-28f84493 wp-block-columns-is-layout-flex\">\n<div class=\"wp-block-column is-layout-flow wp-block-column-is-layout-flow\" style=\"padding-right:var(--wp--preset--spacing--40);padding-left:var(--wp--preset--spacing--40);flex-basis:66.66%\">\n<h2 class=\"wp-block-heading has-body-text-color has-text-color has-link-color wp-elements-ab9d9589623497d1a16027695a3159a2\">Die Chronologie der M\u00f6llner Ereignisse<\/h2>\n\n\n\n<div style=\"height:40px\" aria-hidden=\"true\" class=\"wp-block-spacer\"><\/div>\n\n\n\n<h2 class=\"wp-block-heading has-foreground-color has-text-color has-link-color has-medium-font-size wp-elements-287f162f8f2109b3fe65c22274410a13\">==================== 1992 =======================================<\/h2>\n\n\n\n<div style=\"height:40px\" aria-hidden=\"true\" class=\"wp-block-spacer\"><\/div>\n\n\n\n<p class=\"has-foreground-color has-text-color has-link-color has-medium-font-size wp-elements-37793a9ec3cb81add63d88e4abc3b4a4\">31. Oktober<\/p>\n\n\n\n<p class=\"has-body-text-color has-text-color has-link-color wp-elements-37000f801d0286dab5f406af73390dd4\">Demonstration der Antifa-Jugendfront gegen Fremdenfeindlichkeit<\/p>\n\n\n\n<div style=\"height:40px\" aria-hidden=\"true\" class=\"wp-block-spacer\"><\/div>\n\n\n\n<p class=\"has-foreground-color has-text-color has-link-color has-medium-font-size wp-elements-f77fdf01a40d4e6024126f1b2bf10eb9\">23. November<\/p>\n\n\n\n<p class=\"has-body-text-color has-text-color has-link-color wp-elements-e471db0cbd1e3fbe0ad034f918c9e837\">Brandanschl\u00e4ge auf zwei Wohnh\u00e4user, in denen Menschen t\u00fcrkischer Abstammung leben: drei Menschen werden get\u00f6tet, viele teils schwer verletzt oder obdachlos. Bei der Polizei gehen Anrufe, die mit &#8222;Heil, Hitler!&#8220; enden, ein.<br>Mehrere spontane Schweigem\u00e4rsche an diesem und den folgenden Tagen bilden den Auftakt zu einer bundesweiten Folge von Lichterketten.<\/p>\n\n\n\n<div style=\"height:40px\" aria-hidden=\"true\" class=\"wp-block-spacer\"><\/div>\n\n\n\n<p class=\"has-foreground-color has-text-color has-link-color has-medium-font-size wp-elements-a267bbd78e22daabcc627d41c6f88faa\">24. November<\/p>\n\n\n\n<p class=\"has-body-text-color has-text-color has-link-color wp-elements-6c820915b4501b1b6ed465afbf52efab\">Die Hilfsorganisation &#8222;Cap Anamur&#8220; sagt der Stadt M\u00f6lln den Betrag von DM 3 Mio. als Soforthilfe zu; daraufhin wird die Einrichtung einer deutsch-t\u00fcrkischen Begegnungsst\u00e4tte erwogen.<\/p>\n\n\n\n<div style=\"height:40px\" aria-hidden=\"true\" class=\"wp-block-spacer\"><\/div>\n\n\n\n<p class=\"has-foreground-color has-text-color has-link-color has-medium-font-size wp-elements-45ba966ba2c940990beca3904d3ef1bd\">15. Dezember<\/p>\n\n\n\n<p class=\"has-body-text-color has-text-color has-link-color wp-elements-cf567b0ffc907d01afe47c4cbc05e763\">Die M\u00f6llner Stadtvertreterversammlung beschlie\u00dft einstimmig die Errichtung einer deutsch-t\u00fcrkischen Begegnungsst\u00e4tte in der Brandruine M\u00fchlenstra\u00dfe 9.<\/p>\n\n\n\n<div style=\"height:40px\" aria-hidden=\"true\" class=\"wp-block-spacer\"><\/div>\n\n\n\n<p class=\"has-foreground-color has-text-color has-link-color has-medium-font-size wp-elements-fdbd5a969da13c7a879bd291519a0bd4\">16. Dezember<\/p>\n\n\n\n<p class=\"has-body-text-color has-text-color has-link-color wp-elements-849632e7ae0475ace10881d8af63b7cf\">Gr\u00fcndungsversammlung des Vereins &#8222;Miteinander leben&#8220;<\/p>\n\n\n\n<div style=\"height:40px\" aria-hidden=\"true\" class=\"wp-block-spacer\"><\/div>\n\n\n\n<p class=\"has-foreground-color has-text-color has-link-color has-medium-font-size wp-elements-295feaeddb0c2ec56835f0365bbaf01b\">23. Dezember<\/p>\n\n\n\n<p class=\"has-body-text-color has-text-color has-link-color wp-elements-4ece3990c9f660c6445d0e45f6004b1e\">Schweigemarsch zum Gedenken an die Opfer der Brandanschl\u00e4ge (von nun an monatlich)<\/p>\n\n\n\n<div style=\"height:40px\" aria-hidden=\"true\" class=\"wp-block-spacer\"><\/div>\n\n\n\n<figure class=\"wp-block-image aligncenter size-full\"><img loading=\"lazy\" decoding=\"async\" width=\"940\" height=\"635\" src=\"https:\/\/walle.net\/wordpress\/wp-content\/uploads\/2024\/12\/199300408-1.jpg\" alt=\"\" class=\"wp-image-647\" srcset=\"https:\/\/walle.net\/wordpress\/wp-content\/uploads\/2024\/12\/199300408-1.jpg 940w, https:\/\/walle.net\/wordpress\/wp-content\/uploads\/2024\/12\/199300408-1-300x203.jpg 300w, https:\/\/walle.net\/wordpress\/wp-content\/uploads\/2024\/12\/199300408-1-768x519.jpg 768w\" sizes=\"auto, (max-width: 940px) 100vw, 940px\" \/><figcaption class=\"wp-element-caption\">Blick auf M\u00f6lln<\/figcaption><\/figure>\n\n\n\n<div style=\"height:100px\" aria-hidden=\"true\" class=\"wp-block-spacer\"><\/div>\n\n\n\n<h2 class=\"wp-block-heading has-foreground-color has-text-color has-link-color has-medium-font-size wp-elements-1f063885969b7084667968d19f565f8d\">==================== 1993 =======================================<\/h2>\n\n\n\n<div style=\"height:40px\" aria-hidden=\"true\" class=\"wp-block-spacer\"><\/div>\n\n\n\n<p class=\"has-foreground-color has-text-color has-link-color has-medium-font-size wp-elements-1e620d1aa7c9eff5d12259d257d7ea32\">07. Januar<\/p>\n\n\n\n<p class=\"has-body-text-color has-text-color has-link-color wp-elements-7ae824391492d70d94b3a0826a74e864\">Lesung mit G\u00fcnter Grass und musikalischer Begleitung durch t\u00fcrkische, russische und deutsche Interpreten (Veranstalter: &#8222;Miteinander leben&#8220;)<\/p>\n\n\n\n<div style=\"height:40px\" aria-hidden=\"true\" class=\"wp-block-spacer\"><\/div>\n\n\n\n<p class=\"has-foreground-color has-text-color has-link-color has-medium-font-size wp-elements-851fa2bf001f8d9ad7e25839facdafa8\">18. &#8211; 29. Januar<\/p>\n\n\n\n<p class=\"has-body-text-color has-text-color has-link-color wp-elements-1448ebf157b9d070927d180c2b6117a4\">&#8222;Was w\u00e4re, wenn morgen alle Ausl\u00e4nder gingen?&#8220; (Ausstellung des Schleswig-Holsteinischen Sozialministeriums und des Jugendamtes L\u00fcbeck im M\u00f6llner Jugendzentrum)<\/p>\n\n\n\n<div style=\"height:40px\" aria-hidden=\"true\" class=\"wp-block-spacer\"><\/div>\n\n\n\n<p class=\"has-foreground-color has-text-color has-link-color has-medium-font-size wp-elements-3d65e94f6cbe0675e42a2246117be749\">18. Januar &#8211; 18. Februar<\/p>\n\n\n\n<p class=\"has-body-text-color has-text-color has-link-color wp-elements-8ec02b163dc26af93170e34a1b228d4c\">Ein zw\u00f6lfk\u00f6pfiges &#8222;Friedens-Korps&#8220; f\u00fchrt im Auftrag von &#8222;Cap Anamur&#8220; in der Brandruine in der M\u00fchlenstra\u00dfe Aufr\u00e4um- und Sicherungsarbeiten durch, um so am Aufbau einer internationalen Begegnungsst\u00e4tte mitzuwirken.<\/p>\n\n\n\n<div style=\"height:40px\" aria-hidden=\"true\" class=\"wp-block-spacer\"><\/div>\n\n\n\n<p class=\"has-foreground-color has-text-color has-link-color has-medium-font-size wp-elements-196017908408207556fc607f1179fc00\">03. Februar<\/p>\n\n\n\n<p class=\"has-body-text-color has-text-color has-link-color wp-elements-ca23a0b5510fa30b60724991ed270760\">Teilnahme von &#8222;Miteinander leben&#8220; an einer Sitzung des Bildungsausschusses der Stadt M\u00f6lln mit konzeptionellen Vorschl\u00e4gen zum zu schaffenden Ausl\u00e4nderbeirat und zur geplanten Begegnungsst\u00e4tte<\/p>\n\n\n\n<div style=\"height:40px\" aria-hidden=\"true\" class=\"wp-block-spacer\"><\/div>\n\n\n\n<p class=\"has-foreground-color has-text-color has-link-color has-medium-font-size wp-elements-680fa97030c23df3edc99347c0f92b99\">Februar<\/p>\n\n\n\n<p class=\"has-body-text-color has-text-color has-link-color wp-elements-21189e3d7d0e1c9eff92faf31ea6e405\">&#8222;Kinder dieser Welt&#8220; (Fotografien von S. und D. Romey, Veranstalter: &#8222;Miteinander leben&#8220;)<\/p>\n\n\n\n<div style=\"height:40px\" aria-hidden=\"true\" class=\"wp-block-spacer\"><\/div>\n\n\n\n<p class=\"has-foreground-color has-text-color has-link-color has-medium-font-size wp-elements-66496e97ebe80f12e25126de09d45c35\">10. M\u00e4rz<\/p>\n\n\n\n<p class=\"has-body-text-color has-text-color has-link-color wp-elements-927b2bd3846457db6102d0fdd027ab6a\">Die Schularbeitenhilfe, ein Angebot der &#8222;Miteinander leben&#8220;-AG &#8222;Nachbarschaftshilfe&#8220; an ausl\u00e4ndische Kinder, nimmt ihre Arbeit auf.<\/p>\n\n\n\n<div style=\"height:40px\" aria-hidden=\"true\" class=\"wp-block-spacer\"><\/div>\n\n\n\n<figure class=\"wp-block-image aligncenter size-full\"><img loading=\"lazy\" decoding=\"async\" width=\"940\" height=\"638\" src=\"https:\/\/walle.net\/wordpress\/wp-content\/uploads\/2024\/12\/199302532.jpg\" alt=\"\" class=\"wp-image-648\" srcset=\"https:\/\/walle.net\/wordpress\/wp-content\/uploads\/2024\/12\/199302532.jpg 940w, https:\/\/walle.net\/wordpress\/wp-content\/uploads\/2024\/12\/199302532-300x204.jpg 300w, https:\/\/walle.net\/wordpress\/wp-content\/uploads\/2024\/12\/199302532-768x521.jpg 768w\" sizes=\"auto, (max-width: 940px) 100vw, 940px\" \/><figcaption class=\"wp-element-caption\">W\u00e4hrend eines Schweigemarsches (#3)<br>Die Presse beobachtet M\u00f6lln nach den Brandanschl\u00e4gen intensiv, geht dabei oft sehr unsensibel vor.<\/figcaption><\/figure>\n\n\n\n<div style=\"height:40px\" aria-hidden=\"true\" class=\"wp-block-spacer\"><\/div>\n\n\n\n<p class=\"has-foreground-color has-text-color has-link-color has-medium-font-size wp-elements-130d484535aa62811d8cd603d6e1023b\">19. M\u00e4rz<\/p>\n\n\n\n<p class=\"has-body-text-color has-text-color has-link-color wp-elements-2be16482db95e6dc4f7cbf0de54c3eac\">Brandanschlag auf erst wenige Tage vorher errichtete Asylbewerberunterk\u00fcnfte an M\u00f6llns Stadtrand; k\u00f6rperlich wird bei diesem erneuten Anschlag gegen das Leben von Ausl\u00e4ndern niemand verletzt.<\/p>\n\n\n\n<div style=\"height:40px\" aria-hidden=\"true\" class=\"wp-block-spacer\"><\/div>\n\n\n\n<p class=\"has-foreground-color has-text-color has-link-color has-medium-font-size wp-elements-130d484535aa62811d8cd603d6e1023b\">19. M\u00e4rz<\/p>\n\n\n\n<p class=\"has-body-text-color has-text-color has-link-color wp-elements-fc74594ea457b8d70720da189bb1eb7a\">Anbringung eines Bildes von Horst Gr\u00fcnwald und drei t\u00fcrkischen M\u00e4dchen an der Brandruine in der M\u00f6llner M\u00fchlenstra\u00dfe. Das Bild, Till Eulenspiegel und Nasrettin Hoca darstellend, wirbt f\u00fcr ein tolerantes Miteinanderleben aller Bev\u00f6lkerungsgruppen.<\/p>\n\n\n\n<div style=\"height:40px\" aria-hidden=\"true\" class=\"wp-block-spacer\"><\/div>\n\n\n\n<p class=\"has-foreground-color has-text-color has-link-color has-medium-font-size wp-elements-8383d1acb32386e9e063bfe30a0df590\">20. M\u00e4rz<\/p>\n\n\n\n<p class=\"has-body-text-color has-text-color has-link-color wp-elements-9e62cbaf74a51f9bd416c87ab9610a4b\">\u00dcber einen Informationsstand, Flugbl\u00e4tter und die Presse informiert &#8222;Miteinander leben&#8220; die M\u00f6llner Bev\u00f6lkerung \u00fcber den Anschlag vom Vortag.<\/p>\n\n\n\n<div style=\"height:40px\" aria-hidden=\"true\" class=\"wp-block-spacer\"><\/div>\n\n\n\n<p class=\"has-foreground-color has-text-color has-link-color has-medium-font-size wp-elements-774791304c72c01c6fd488f6aeb4ab06\">22. M\u00e4rz<\/p>\n\n\n\n<p class=\"has-body-text-color has-text-color has-link-color wp-elements-8019358be4826f58c208061863c9d116\">&#8222;Miteinander leben&#8220; l\u00e4dt die M\u00f6llner Bev\u00f6lkerung zu einem Ortstermin zu den Asylbewerberunterk\u00fcnften ein. Mitglieder des Magistrats oder Stadtvertreter nehmen nicht teil.<\/p>\n\n\n\n<div style=\"height:40px\" aria-hidden=\"true\" class=\"wp-block-spacer\"><\/div>\n\n\n\n<p class=\"has-foreground-color has-text-color has-link-color has-medium-font-size wp-elements-c87ba7df8992fb487246a8de62f16d59\">23. M\u00e4rz<\/p>\n\n\n\n<p class=\"has-body-text-color has-text-color has-link-color wp-elements-52c17f802e6e1b4fcb9144205b5ca6b0\">\u00d6ffentliche Vorstellung des &#8222;M\u00f6llner Festivals der internationalen Begegnung&#8220;; nur wenige der eingeladenen Vereine, Verb\u00e4nde und sonstigen Gruppen zeigen Interesse.<\/p>\n\n\n\n<div style=\"height:40px\" aria-hidden=\"true\" class=\"wp-block-spacer\"><\/div>\n\n\n\n<p class=\"has-foreground-color has-text-color has-link-color has-medium-font-size wp-elements-c87ba7df8992fb487246a8de62f16d59\">23. M\u00e4rz<\/p>\n\n\n\n<p class=\"has-body-text-color has-text-color has-link-color wp-elements-9f09da3f5aaa71207544de0ed826ae94\">&#8222;Cap Anamur&#8220; zieht das &#8222;3 Mio.-DM-Angebot&#8220; offiziell zur\u00fcck.<\/p>\n\n\n\n<div style=\"height:40px\" aria-hidden=\"true\" class=\"wp-block-spacer\"><\/div>\n\n\n\n<p class=\"has-foreground-color has-text-color has-link-color has-medium-font-size wp-elements-89501e86f85d538e502ec62f9461a22b\">25. M\u00e4rz &#8211; 06. April<\/p>\n\n\n\n<p class=\"has-body-text-color has-text-color has-link-color wp-elements-4864a6a3e15450c448a9a76b42166119\">&#8222;Mensch, guck&#8216; mich nicht so an! &#8230;&#8220; (Pr\u00e4sentation von Karikaturen und Reportagen von David Kyungu, Tansania, Veranstalter: Bildungswerk &#8222;anderes lernen e. V.&#8220; in Kooperation mit &#8222;Miteinander leben&#8220;).<\/p>\n\n\n\n<div style=\"height:40px\" aria-hidden=\"true\" class=\"wp-block-spacer\"><\/div>\n\n\n\n<p class=\"has-foreground-color has-text-color has-link-color has-medium-font-size wp-elements-8c19e401d51037136db2f492b15c73ed\">02. April<\/p>\n\n\n\n<p class=\"has-body-text-color has-text-color has-link-color wp-elements-9227b244384eec437213e20f29b18231\">&#8222;Miteinander leben&#8220; verteilt Spielzeug an die in den Asylbewerberunterk\u00fcnften lebenden Kinder und errichtet dort eine Schaukel.<\/p>\n\n\n\n<div style=\"height:40px\" aria-hidden=\"true\" class=\"wp-block-spacer\"><\/div>\n\n\n\n<figure class=\"wp-block-image aligncenter size-full\"><img loading=\"lazy\" decoding=\"async\" width=\"940\" height=\"635\" src=\"https:\/\/walle.net\/wordpress\/wp-content\/uploads\/2024\/12\/199308407.jpg\" alt=\"\" class=\"wp-image-649\" srcset=\"https:\/\/walle.net\/wordpress\/wp-content\/uploads\/2024\/12\/199308407.jpg 940w, https:\/\/walle.net\/wordpress\/wp-content\/uploads\/2024\/12\/199308407-300x203.jpg 300w, https:\/\/walle.net\/wordpress\/wp-content\/uploads\/2024\/12\/199308407-768x519.jpg 768w\" sizes=\"auto, (max-width: 940px) 100vw, 940px\" \/><figcaption class=\"wp-element-caption\">W\u00e4hrend des M\u00f6llner Festivals (#11)<\/figcaption><\/figure>\n\n\n\n<div style=\"height:40px\" aria-hidden=\"true\" class=\"wp-block-spacer\"><\/div>\n\n\n\n<p class=\"has-foreground-color has-text-color has-link-color has-medium-font-size wp-elements-d029276da4c0358f75761ca8e3f21551\">10. April<\/p>\n\n\n\n<p class=\"has-body-text-color has-text-color has-link-color wp-elements-cb6abac4775334e5dd2c1ac7b1defc91\">Autorenlesung mit dem t\u00fcrkischen Satiriker Osman Engin (Veranstalter: &#8222;Miteinander leben&#8220;)<\/p>\n\n\n\n<div style=\"height:40px\" aria-hidden=\"true\" class=\"wp-block-spacer\"><\/div>\n\n\n\n<p class=\"has-foreground-color has-text-color has-link-color has-medium-font-size wp-elements-abb4ac037e3254b391c8ab0e885b4695\">21. April<\/p>\n\n\n\n<p class=\"has-body-text-color has-text-color has-link-color wp-elements-100901b948418a81405b8af868e8ac1b\">Der stellvertretende Vorsitzende von &#8222;Miteinander leben&#8220;, Serkan Demirtas, tritt zur\u00fcck; in der Presse erscheinen daraufhin Meldungen \u00fcber ein Auseinanderbrechen des Vereins.<\/p>\n\n\n\n<div style=\"height:40px\" aria-hidden=\"true\" class=\"wp-block-spacer\"><\/div>\n\n\n\n<p class=\"has-foreground-color has-text-color has-link-color has-medium-font-size wp-elements-7286a4ae3ed3b604300e4cfa1cc1ca44\">08. Mai<\/p>\n\n\n\n<p class=\"has-body-text-color has-text-color has-link-color wp-elements-7495b6b056427ffabf2b019493bce79f\">&#8222;Kuhle Wampe Toy Run&#8220;: In Zusammenarbeit mit &#8222;Miteinander leben&#8220; f\u00fchrt der Motorradclub &#8222;Kuhle Wampe&#8220; einen Korso zu den M\u00f6llner Asylbewerberunterk\u00fcnften durch. W\u00e4hrend des anschlie\u00dfenden Festes wird Spielzeug verteilt und mit den Be- und Anwohnern gefeiert.<\/p>\n\n\n\n<div style=\"height:40px\" aria-hidden=\"true\" class=\"wp-block-spacer\"><\/div>\n\n\n\n<p class=\"has-foreground-color has-text-color has-link-color has-medium-font-size wp-elements-6b8d68bb715e463958bb992020c23a1f\">12. Mai<\/p>\n\n\n\n<p class=\"has-body-text-color has-text-color has-link-color wp-elements-558bd5af1cd0b4397760109e04981925\">Er\u00f6ffnung der Ausstellung &#8222;Zorn und Trauer &#8211; vor und nach M\u00f6lln&#8220; des Schenefelder Kunstvereins und der dortigen Stadtverwaltung im M\u00f6llner Stadthaus<\/p>\n\n\n\n<div style=\"height:40px\" aria-hidden=\"true\" class=\"wp-block-spacer\"><\/div>\n\n\n\n<figure class=\"wp-block-image aligncenter size-full\"><img loading=\"lazy\" decoding=\"async\" width=\"630\" height=\"940\" src=\"https:\/\/walle.net\/wordpress\/wp-content\/uploads\/2024\/12\/199308708.jpg\" alt=\"\" class=\"wp-image-650\" srcset=\"https:\/\/walle.net\/wordpress\/wp-content\/uploads\/2024\/12\/199308708.jpg 630w, https:\/\/walle.net\/wordpress\/wp-content\/uploads\/2024\/12\/199308708-201x300.jpg 201w\" sizes=\"auto, (max-width: 630px) 100vw, 630px\" \/><figcaption class=\"wp-element-caption\">W\u00e4hrend des M\u00f6llner Festivals (#13)<br>Vor der Brandruine in der M\u00fchlenstra\u00dfe<\/figcaption><\/figure>\n\n\n\n<div style=\"height:40px\" aria-hidden=\"true\" class=\"wp-block-spacer\"><\/div>\n\n\n\n<p class=\"has-foreground-color has-text-color has-link-color has-medium-font-size wp-elements-ec1ee0a6e0ab0289145c66f8eaa5ea31\">17. Mai<\/p>\n\n\n\n<p class=\"has-body-text-color has-text-color has-link-color wp-elements-a42cf36c1aec4d1af0bb0c1efe756e9e\">Vor dem II. Strafsenat des Oberlandesgerichtes Schleswig beginnt der Proze\u00df gegen Lars Christiansen und Michael Peters.<\/p>\n\n\n\n<div style=\"height:40px\" aria-hidden=\"true\" class=\"wp-block-spacer\"><\/div>\n\n\n\n<p class=\"has-foreground-color has-text-color has-link-color has-medium-font-size wp-elements-1c3a4c2a5f470d24f709fc638cfa41cf\">26. Mai<\/p>\n\n\n\n<p class=\"has-body-text-color has-text-color has-link-color wp-elements-0b237a48c5204971f7519ff9f62528e0\">\u00c4nderung des Artikels 16 des Grundgesetzes (vormals: Politisch Verfolgte genie\u00dfen Asyl.)<\/p>\n\n\n\n<div style=\"height:40px\" aria-hidden=\"true\" class=\"wp-block-spacer\"><\/div>\n\n\n\n<p class=\"has-foreground-color has-text-color has-link-color has-medium-font-size wp-elements-a2fc491720b97f8d567c3ce3d7a92134\">29. Mai<\/p>\n\n\n\n<p class=\"has-body-text-color has-text-color has-link-color wp-elements-b3a39a430ba1429ec041390b70304930\">In Solingen werden bei einem Brandanschlag auf ein Wohnhaus, in dem ausschlie\u00dflich T\u00fcrken leben, f\u00fcnf Menschen get\u00f6tet. Nur wenige Tage vorher erkl\u00e4rte Bundeskanzler Dr. Helmut Kohl in der T\u00fcrkei, da\u00df &#8222;M\u00f6lln&#8220; sich nicht wiederholen werde.<\/p>\n\n\n\n<div style=\"height:40px\" aria-hidden=\"true\" class=\"wp-block-spacer\"><\/div>\n\n\n\n<p class=\"has-foreground-color has-text-color has-link-color has-medium-font-size wp-elements-a7727ff6c013868f8ae7129ef9c84856\">30. Mai<\/p>\n\n\n\n<p class=\"has-body-text-color has-text-color has-link-color wp-elements-adcda85137af28d3a7943baeaf3814fc\">Anl\u00e4\u00dflich des Brandanschlages vom Vortag f\u00e4hrt eine M\u00f6llner Delegation nach Solingen. Anschlie\u00dfend ruft &#8222;Miteinander leben&#8220; zu finanzieller Hilfe f\u00fcr die Opfer des Anschlages auf.<\/p>\n\n\n\n<div style=\"height:40px\" aria-hidden=\"true\" class=\"wp-block-spacer\"><\/div>\n\n\n\n<p class=\"has-foreground-color has-text-color has-link-color has-medium-font-size wp-elements-8ff2d1314ff609f5ca342e51d96a76a1\">11. Juni<\/p>\n\n\n\n<p class=\"has-body-text-color has-text-color has-link-color wp-elements-50d04c6d108f8fceb9e2f035d1afa064\">Der &#8222;Verein zur F\u00f6rderung multikultureller Begegnung&#8220; gr\u00fcndet sich in M\u00f6lln und verabredet eine enge Zusammenarbeit mit &#8222;Miteinander leben&#8220;.<\/p>\n\n\n\n<div style=\"height:40px\" aria-hidden=\"true\" class=\"wp-block-spacer\"><\/div>\n\n\n\n<figure class=\"wp-block-image aligncenter size-full\"><img loading=\"lazy\" decoding=\"async\" width=\"940\" height=\"630\" src=\"https:\/\/walle.net\/wordpress\/wp-content\/uploads\/2024\/12\/199308719.jpg\" alt=\"\" class=\"wp-image-651\" srcset=\"https:\/\/walle.net\/wordpress\/wp-content\/uploads\/2024\/12\/199308719.jpg 940w, https:\/\/walle.net\/wordpress\/wp-content\/uploads\/2024\/12\/199308719-300x201.jpg 300w, https:\/\/walle.net\/wordpress\/wp-content\/uploads\/2024\/12\/199308719-768x515.jpg 768w\" sizes=\"auto, (max-width: 940px) 100vw, 940px\" \/><figcaption class=\"wp-element-caption\">W\u00e4hrend des M\u00f6llner Festivals (#12)<\/figcaption><\/figure>\n\n\n\n<div style=\"height:40px\" aria-hidden=\"true\" class=\"wp-block-spacer\"><\/div>\n\n\n\n<p class=\"has-foreground-color has-text-color has-link-color has-medium-font-size wp-elements-75526cd00986e8dc81e0a3d5d65ed312\">12. Juni<\/p>\n\n\n\n<p class=\"has-body-text-color has-text-color has-link-color wp-elements-8c8a10ed2ef8e20fa71bab505b6e7599\">O. \u00c7eyhun, Ausl\u00e4nderreferent der hessischen Landesregierung, informiert \u00fcber Ursachen des Rassismus und Wege einer neuen Ausl\u00e4nderInnenpolitik (Veranstalter: &#8222;Miteinander leben&#8220;, &#8222;B\u00fcndnis 90\/Die Gr\u00fcnen&#8220;).<\/p>\n\n\n\n<div style=\"height:40px\" aria-hidden=\"true\" class=\"wp-block-spacer\"><\/div>\n\n\n\n<p class=\"has-foreground-color has-text-color has-link-color has-medium-font-size wp-elements-75526cd00986e8dc81e0a3d5d65ed312\">12. Juni<\/p>\n\n\n\n<p class=\"has-body-text-color has-text-color has-link-color wp-elements-6e68ca290edfe43a200e9ee632596075\">Demonstration in M\u00f6lln infolge des Solinger Brandanschlages (Organisation: &#8222;Vereinigung der Verfolgten des Naziregimes\/Bund der Antifaschisten&#8220;, &#8222;B\u00fcndnis 90\/Die Gr\u00fcnen&#8220;, &#8222;Antifa-Jugendfront&#8220; und &#8222;Miteinander leben&#8220;).<\/p>\n\n\n\n<div style=\"height:40px\" aria-hidden=\"true\" class=\"wp-block-spacer\"><\/div>\n\n\n\n<p class=\"has-foreground-color has-text-color has-link-color has-medium-font-size wp-elements-5a7052dabd8d73765d06bd69906c3266\">13. Juni<\/p>\n\n\n\n<p class=\"has-body-text-color has-text-color has-link-color wp-elements-fd9324a7859d7d86fa50b78c1f637d73\">&#8222;Miteinander leben&#8220;-Begegnungsfest, u. a. mit vielen Nichtmitgliedern, darunter auch sehr vielen ausl\u00e4ndischen Mitb\u00fcrgern.<\/p>\n\n\n\n<div style=\"height:40px\" aria-hidden=\"true\" class=\"wp-block-spacer\"><\/div>\n\n\n\n<p class=\"has-foreground-color has-text-color has-link-color has-medium-font-size wp-elements-4dc503c4c56df3fbe54c316d8476e7d8\">10. Juli<\/p>\n\n\n\n<p class=\"has-body-text-color has-text-color has-link-color wp-elements-db57d406453c66d714ada0d1f29f2a26\">Erstes &#8222;Deutsch-t\u00fcrkisches Frauencaf\u00e9&#8220; (sp\u00e4ter &#8222;Internationales Frauencaf\u00e9&#8220;) von &#8222;Miteinander leben&#8220;<\/p>\n\n\n\n<div style=\"height:40px\" aria-hidden=\"true\" class=\"wp-block-spacer\"><\/div>\n\n\n\n<p class=\"has-foreground-color has-text-color has-link-color has-medium-font-size wp-elements-155ebd536fb2ae51a1bced46929d330a\">17. Juli<\/p>\n\n\n\n<p class=\"has-body-text-color has-text-color has-link-color wp-elements-75d2e4f50aad7eba9414ec0242bdf59b\">Informationsveranstaltung und Grillfest von &#8222;Miteinander leben&#8220; mit 34 Mitgliedern des &#8222;Service Civil International&#8220; (internationaler Friedensdienst)<\/p>\n\n\n\n<div style=\"height:40px\" aria-hidden=\"true\" class=\"wp-block-spacer\"><\/div>\n\n\n\n<p class=\"has-foreground-color has-text-color has-link-color has-medium-font-size wp-elements-1f616655ff805cb61fdbfc0683363112\">28. und 29. August<\/p>\n\n\n\n<p class=\"has-body-text-color has-text-color has-link-color wp-elements-696d29d5d8c7cbfd375252e3e6e6d8f9\">&#8222;M\u00f6llner Festival der internationalen Begegnung&#8220;, mit Kultur (51 Musik- und Kleinkunstgruppen aus 11 L\u00e4ndern) und Informationen f\u00fcr V\u00f6lkerverst\u00e4ndigung (Veranstalter: &#8222;Miteinander leben&#8220;, &#8222;LandesArbeitsGemeinschaft Folk&#8220;, &#8222;Lauenburgischer Kunstverein&#8220;)<\/p>\n\n\n\n<div style=\"height:40px\" aria-hidden=\"true\" class=\"wp-block-spacer\"><\/div>\n\n\n\n<figure class=\"wp-block-image aligncenter size-full\"><img loading=\"lazy\" decoding=\"async\" width=\"630\" height=\"940\" src=\"https:\/\/walle.net\/wordpress\/wp-content\/uploads\/2024\/12\/199310109.jpg\" alt=\"\" class=\"wp-image-652\" srcset=\"https:\/\/walle.net\/wordpress\/wp-content\/uploads\/2024\/12\/199310109.jpg 630w, https:\/\/walle.net\/wordpress\/wp-content\/uploads\/2024\/12\/199310109-201x300.jpg 201w\" sizes=\"auto, (max-width: 630px) 100vw, 630px\" \/><figcaption class=\"wp-element-caption\">Vor dem Jahrestag der Brandanschl\u00e4ge<br>Der &#8222;Verein zur F\u00f6rderung multikultureller Begegnung&#8220;, &#8222;Miteinander leben&#8220; und Kirchen tragen die Gedenkveranstaltungen zum Jahrestag des 23. November 1992<\/figcaption><\/figure>\n\n\n\n<div style=\"height:40px\" aria-hidden=\"true\" class=\"wp-block-spacer\"><\/div>\n\n\n\n<p class=\"has-foreground-color has-text-color has-link-color has-medium-font-size wp-elements-64db81601c167750999d024a81e20267\">05. Oktober<\/p>\n\n\n\n<p class=\"has-body-text-color has-text-color has-link-color wp-elements-9ea80c20446ad49b76ccfc6332112460\">2. Antifaschistisches Jugendcaf\u00e9 im M\u00f6llner Jugendzentrum<\/p>\n\n\n\n<div style=\"height:40px\" aria-hidden=\"true\" class=\"wp-block-spacer\"><\/div>\n\n\n\n<p class=\"has-foreground-color has-text-color has-link-color has-medium-font-size wp-elements-37793a9ec3cb81add63d88e4abc3b4a4\">31. Oktober<\/p>\n\n\n\n<p class=\"has-body-text-color has-text-color has-link-color wp-elements-0767716c2e724d23bf6dbb57e989c5a0\">W\u00e4hrend eines Fu\u00dfballspiels zwischen &#8222;T\u00fcrkspor M\u00f6lln&#8220; und dem &#8222;SV Bliesdorf&#8220; kommt es zu Massenpr\u00fcgeleien.<\/p>\n\n\n\n<div style=\"height:40px\" aria-hidden=\"true\" class=\"wp-block-spacer\"><\/div>\n\n\n\n<p class=\"has-foreground-color has-text-color has-link-color has-medium-font-size wp-elements-0dac616675d7a04145e45031c55d4323\">01. November<\/p>\n\n\n\n<p class=\"has-body-text-color has-text-color has-link-color wp-elements-8da1ab988b4343e7b17675d9d1eaf183\">Wahl des ersten M\u00f6llner Ausl\u00e4nderbeirates; ungew\u00f6hnlich viele Ausl\u00e4nder und Ausl\u00e4nderinnen nehmen an dieser Wahl teil.<\/p>\n\n\n\n<div style=\"height:40px\" aria-hidden=\"true\" class=\"wp-block-spacer\"><\/div>\n\n\n\n<p class=\"has-foreground-color has-text-color has-link-color has-medium-font-size wp-elements-379c52d1f3a133a687d1f4569b0bd841\">08. November &#8211; 12. Dezember<\/p>\n\n\n\n<p class=\"has-body-text-color has-text-color has-link-color wp-elements-b2856cc983caa93b4710b59cbfaf8163\">3. M\u00f6llner Kunst- und Kulturtage &#8222;Freundschaft kennt keine Grenzen&#8220; (Veranstalter: U. Schmidt)<\/p>\n\n\n\n<div style=\"height:40px\" aria-hidden=\"true\" class=\"wp-block-spacer\"><\/div>\n\n\n\n<figure class=\"wp-block-image aligncenter size-full\"><img loading=\"lazy\" decoding=\"async\" width=\"630\" height=\"940\" src=\"https:\/\/walle.net\/wordpress\/wp-content\/uploads\/2024\/12\/199310621.jpg\" alt=\"\" class=\"wp-image-653\" srcset=\"https:\/\/walle.net\/wordpress\/wp-content\/uploads\/2024\/12\/199310621.jpg 630w, https:\/\/walle.net\/wordpress\/wp-content\/uploads\/2024\/12\/199310621-201x300.jpg 201w\" sizes=\"auto, (max-width: 630px) 100vw, 630px\" \/><figcaption class=\"wp-element-caption\">Ignatz Bubis, Vorsitzender des Zentralrats der Juden in Deutschland, besucht M\u00f6lln am Jahrestag der Brandanschl\u00e4ge<\/figcaption><\/figure>\n\n\n\n<div style=\"height:40px\" aria-hidden=\"true\" class=\"wp-block-spacer\"><\/div>\n\n\n\n<p class=\"has-foreground-color has-text-color has-link-color has-medium-font-size wp-elements-3e891c985bf66f9b532d00a700508bc0\">11. November<\/p>\n\n\n\n<p class=\"has-body-text-color has-text-color has-link-color wp-elements-8c12f88138376a7db5de92c691d908d1\">&#8222;Miteinander leben&#8220; zeigt den Dokumentarfilm &#8222;Das falsche Wort &#8211; Wiedergutmachung an Zigeunern (Sinte) in Deutschland?&#8220; von M. Spitta und K. Seybold.<\/p>\n\n\n\n<div style=\"height:40px\" aria-hidden=\"true\" class=\"wp-block-spacer\"><\/div>\n\n\n\n<p class=\"has-foreground-color has-text-color has-link-color has-medium-font-size wp-elements-414ae5d6ff0c690fbb49640e3860581f\">12. November<\/p>\n\n\n\n<p class=\"has-body-text-color has-text-color has-link-color wp-elements-b8acd571660068849c84c59783d06b61\">In K\u00f6ln wird zum Gedenken an die Opfer der Brandanschl\u00e4ge von M\u00f6lln die &#8222;Bahide-Arslan-Stra\u00dfe&#8220; eingeweiht.<\/p>\n\n\n\n<div style=\"height:40px\" aria-hidden=\"true\" class=\"wp-block-spacer\"><\/div>\n\n\n\n<p class=\"has-foreground-color has-text-color has-link-color has-medium-font-size wp-elements-0e18a01a14546a2ca6aad20d1dd34fa9\">14. November<\/p>\n\n\n\n<p class=\"has-body-text-color has-text-color has-link-color wp-elements-ad8b25db7b4cbdf107abaddebfd4d24e\">&#8222;Miteinander leben&#8220; und &#8222;B\u00fcndnis 90\/Die Gr\u00fcnen&#8220; erinnern am Volkstrauertag in M\u00f6lln als einzige Organisationen an die Mordopfer vom 23. November 1992.<\/p>\n\n\n\n<div style=\"height:40px\" aria-hidden=\"true\" class=\"wp-block-spacer\"><\/div>\n\n\n\n<p class=\"has-foreground-color has-text-color has-link-color has-medium-font-size wp-elements-4e1c463593f23e01e8da52a5ca7c4e94\">20. &#8211; 23. November<\/p>\n\n\n\n<p class=\"has-body-text-color has-text-color has-link-color wp-elements-345155423aa34e3922bb0e12c21bcb42\">Gedenkveranstaltungen zum Jahrestag der Brandanschl\u00e4ge vom 23. November 1992 (Veranstalter: Kirchen, &#8222;Verein zur F\u00f6rderung multikultureller Begegnung&#8220;, &#8222;Miteinander leben&#8220;)<\/p>\n\n\n\n<div style=\"height:40px\" aria-hidden=\"true\" class=\"wp-block-spacer\"><\/div>\n\n\n\n<figure class=\"wp-block-image aligncenter size-full\"><img loading=\"lazy\" decoding=\"async\" width=\"630\" height=\"940\" src=\"https:\/\/walle.net\/wordpress\/wp-content\/uploads\/2024\/12\/199305518.jpg\" alt=\"\" class=\"wp-image-654\" srcset=\"https:\/\/walle.net\/wordpress\/wp-content\/uploads\/2024\/12\/199305518.jpg 630w, https:\/\/walle.net\/wordpress\/wp-content\/uploads\/2024\/12\/199305518-201x300.jpg 201w\" sizes=\"auto, (max-width: 630px) 100vw, 630px\" \/><figcaption class=\"wp-element-caption\">Grabstein von Ayse Yilmaz (in Carsamba, T\u00fcrkei)<br>&#8222;Hier ruht unsere allerliebste Tochter Ayse Yilmaz, die in der deutschen Stadt M\u00f6lln von menschenverachtenden Kr\u00e4ften durch einen grausamen Brandanschlag ermordet wurde.&#8220;<\/figcaption><\/figure>\n\n\n\n<div style=\"height:40px\" aria-hidden=\"true\" class=\"wp-block-spacer\"><\/div>\n\n\n\n<p class=\"has-foreground-color has-text-color has-link-color has-medium-font-size wp-elements-bd650ef3b401e831862870d9de11cc02\">05. Dezember<\/p>\n\n\n\n<p class=\"has-body-text-color has-text-color has-link-color wp-elements-37d38c1daf7ce9e74e731f4a8f2b1c24\">Nikolausfeier der &#8222;Miteinander leben&#8220;-AG &#8222;Nachbarschaftshilfe&#8220; mit den Kindern der Schularbeitenhilfe und deren Eltern<\/p>\n\n\n\n<div style=\"height:40px\" aria-hidden=\"true\" class=\"wp-block-spacer\"><\/div>\n\n\n\n<p class=\"has-foreground-color has-text-color has-link-color has-medium-font-size wp-elements-768d3ce232f1b26ac4d273b7142b45ae\">08. Dezember<\/p>\n\n\n\n<p class=\"has-body-text-color has-text-color has-link-color wp-elements-778e42c5267542b591e2990188f7210f\">Vor dem Landgericht Schleswig werden Lars Christiansen und Michael Peters wegen &#8222;Mordes an 3 Menschen in Tateinheit mit versuchtem Mord an 7 Menschen und besonders schwerer Brandstiftung sowie des versuchten Mordes an 32 Menschen in Tateinheit mit schwerer Brandstiftung&#8220; verurteilt; Peters erh\u00e4lt eine le-benslange Freiheits-, Christiansen eine zehnj\u00e4hrige Jugendstrafe.<\/p>\n\n\n\n<div style=\"height:40px\" aria-hidden=\"true\" class=\"wp-block-spacer\"><\/div>\n\n\n\n<p class=\"has-foreground-color has-text-color has-link-color has-medium-font-size wp-elements-2cd1637ffe72c830baa5d05ffc5be38f\">14. Dezember<\/p>\n\n\n\n<p class=\"has-body-text-color has-text-color has-link-color wp-elements-f912d60d2770c71f19a992d34cfef861\">Nachdem bereits in der Vergangenheit einige &#8222;Miteinander leben&#8220;-Mitglieder telefonischen und schriftlichen Anfeindungen und Beleidigungen ausgesetzt waren, wird ein Vereinsmitglied an seinem Arbeitsplatz t\u00e4tlich angegriffen. &#8222;Miteinander leben&#8220; wendet sich \u00fcber die Presse und Flugbl\u00e4tter an die \u00d6ffentlichkeit.<\/p>\n\n\n\n<div style=\"height:100px\" aria-hidden=\"true\" class=\"wp-block-spacer\"><\/div>\n\n\n\n<h2 class=\"wp-block-heading has-foreground-color has-text-color has-link-color has-medium-font-size wp-elements-3e736ffe4d76babd54c03f1b3c07889e\">==================== 1994 ========================================<\/h2>\n\n\n\n<div style=\"height:40px\" aria-hidden=\"true\" class=\"wp-block-spacer\"><\/div>\n\n\n\n<p class=\"has-foreground-color has-text-color has-link-color has-medium-font-size wp-elements-e540af227102469ca00415ef97b342e3\">04. Februar<\/p>\n\n\n\n<p class=\"has-body-text-color has-text-color has-link-color wp-elements-8c19413f58e7a1fdc8b383f66cd19c77\">&#8222;Roma aus Rum\u00e4nien &#8211; abgelehnt und verfolgt&#8220; (Vortragsveranstaltung von &#8222;Miteinander leben&#8220; mit K. Reemtsma, &#8222;Gesellschaft f\u00fcr bedrohte V\u00f6lker&#8220;)<\/p>\n\n\n\n<div style=\"height:40px\" aria-hidden=\"true\" class=\"wp-block-spacer\"><\/div>\n\n\n\n<figure class=\"wp-block-image aligncenter size-full\"><img loading=\"lazy\" decoding=\"async\" width=\"940\" height=\"630\" src=\"https:\/\/walle.net\/wordpress\/wp-content\/uploads\/2024\/12\/199310924.jpg\" alt=\"\" class=\"wp-image-655\" srcset=\"https:\/\/walle.net\/wordpress\/wp-content\/uploads\/2024\/12\/199310924.jpg 940w, https:\/\/walle.net\/wordpress\/wp-content\/uploads\/2024\/12\/199310924-300x201.jpg 300w, https:\/\/walle.net\/wordpress\/wp-content\/uploads\/2024\/12\/199310924-768x515.jpg 768w\" sizes=\"auto, (max-width: 940px) 100vw, 940px\" \/><figcaption class=\"wp-element-caption\">Mahnwache in der M\u00fchlenstra\u00dfe am Jahrestag der Brandanschl\u00e4ge<\/figcaption><\/figure>\n\n\n\n<div style=\"height:40px\" aria-hidden=\"true\" class=\"wp-block-spacer\"><\/div>\n\n\n\n<p class=\"has-foreground-color has-text-color has-link-color has-medium-font-size wp-elements-6246dcff670dfdd5f72aca35b1ec48d5\">05. Februar<\/p>\n\n\n\n<p class=\"has-body-text-color has-text-color has-link-color wp-elements-28ef19b50dea71375d06d76b59dd813b\">Faschingsfeier der AG &#8222;Nachbarschaftshilfe&#8220; mit den Kindern der Schularbeitenhilfe<\/p>\n\n\n\n<div style=\"height:40px\" aria-hidden=\"true\" class=\"wp-block-spacer\"><\/div>\n\n\n\n<p class=\"has-foreground-color has-text-color has-link-color has-medium-font-size wp-elements-253f78668226bb9009f5f313ce293862\">17. Februar<\/p>\n\n\n\n<p class=\"has-body-text-color has-text-color has-link-color wp-elements-15c505c7160a9c564c526aac6a92e377\">Die Stadt M\u00f6lln k\u00fcndigt \u00fcber die Presse die Einrichtung einer Begegnungsst\u00e4tte in dem Haus hinter der Brandruine in der M\u00fchlenstra\u00dfe an. Investitionskosten: ca. DM 600.000.<\/p>\n\n\n\n<div style=\"height:40px\" aria-hidden=\"true\" class=\"wp-block-spacer\"><\/div>\n\n\n\n<p class=\"has-foreground-color has-text-color has-link-color has-medium-font-size wp-elements-a78adff934012cd6f94d7e2379d0bcb2\">20. Februar<\/p>\n\n\n\n<p class=\"has-body-text-color has-text-color has-link-color wp-elements-d425a839f29990030ce58fbe6090bcfd\">Tagesseminar &#8222;Begegnungsst\u00e4tte in M\u00f6lln&#8220;: &#8222;Miteinander leben&#8220; wendet sich mit diesem Seminar an die Stadt M\u00f6lln und an potentielle F\u00f6rderer und Mitnutzer der zu schaffenden Begegnungsst\u00e4tte. Viele Organisationen, unter ihnen &#8222;terre des hommes&#8220;, &#8222;amnesty international&#8220;, Kirchengemeinden u. a., zeigen Interesse. Die Einrichtung eines Planungsgremiums mit Vertretern verschiedener Vereine und der M\u00f6llner Stadtverwaltung wird beschlossen, Ziele und Organisationsformen f\u00fcr eine sp\u00e4tere Tr\u00e4gerschaft werden er\u00f6rtert.<\/p>\n\n\n\n<div style=\"height:40px\" aria-hidden=\"true\" class=\"wp-block-spacer\"><\/div>\n\n\n\n<p class=\"has-foreground-color has-text-color has-link-color has-medium-font-size wp-elements-b5081cfbb15a71e184f41135c2b20671\">02. M\u00e4rz<\/p>\n\n\n\n<p class=\"has-body-text-color has-text-color has-link-color wp-elements-13ccf14e3b34afcb8c08a7c98202cbec\">&#8222;Demokratie ohne Demokraten &#8211; Gedanken zur Geschichte und Gegenwart der politischen Kultur in M\u00f6lln&#8220; (Vortrags- und Diskussionsveranstaltung mit Dr. William Boehart, Veranstalter: &#8222;Miteinander leben&#8220;)<\/p>\n\n\n\n<div style=\"height:40px\" aria-hidden=\"true\" class=\"wp-block-spacer\"><\/div>\n\n\n\n<p class=\"has-foreground-color has-text-color has-link-color has-medium-font-size wp-elements-130d484535aa62811d8cd603d6e1023b\">19. M\u00e4rz<\/p>\n\n\n\n<p class=\"has-body-text-color has-text-color has-link-color wp-elements-75b7f7fd4ae46a3104541a34e5142835\">W\u00e4hrend eines zweiten Seminars zur Begegnungsst\u00e4tte werden Aspekte der zuk\u00fcnftigen Organisationsform und der Bauplanung er\u00f6rtert. \u00dcberregionale Organisationen, die zu dieser Tagung von &#8222;Miteinander leben&#8220; eingeladen wurden, nehmen nur in geringer Zahl teil.<\/p>\n\n\n\n<div style=\"height:40px\" aria-hidden=\"true\" class=\"wp-block-spacer\"><\/div>\n\n\n\n<p class=\"has-foreground-color has-text-color has-link-color has-medium-font-size wp-elements-8383d1acb32386e9e063bfe30a0df590\">20. M\u00e4rz<\/p>\n\n\n\n<p class=\"has-body-text-color has-text-color has-link-color wp-elements-4fcedeee79382a11cd26cd7158b26ed1\">Kommunalwahlen in Schleswig-Holstein<\/p>\n\n\n\n<div style=\"height:40px\" aria-hidden=\"true\" class=\"wp-block-spacer\"><\/div>\n\n\n\n<p class=\"has-foreground-color has-text-color has-link-color has-medium-font-size wp-elements-e17cab1687941de970208982834dab3e\">25. M\u00e4rz<\/p>\n\n\n\n<p class=\"has-body-text-color has-text-color has-link-color wp-elements-9c74f8c008d29e9d0a9164328208cfc9\">Um 0220 Uhr ver\u00fcben L\u00fcbecker Jugendliche einen Brandanschlag auf die Synagoge in L\u00fcbeck; zum ersten Mal nach dem Zweiten Weltkrieg brennt in Deutschland wieder ein j\u00fcdisches Gotteshaus.<\/p>\n\n\n\n<div style=\"height:40px\" aria-hidden=\"true\" class=\"wp-block-spacer\"><\/div>\n\n\n\n<p class=\"has-foreground-color has-text-color has-link-color has-medium-font-size wp-elements-3ae49d40cc687c528219fea849ad8df7\">31. M\u00e4rz<\/p>\n\n\n\n<p class=\"has-body-text-color has-text-color has-link-color wp-elements-5f7888f58a83ad7ba5bdd6f59515d957\">&#8222;Miteinander leben&#8220; ruft zu einer Mahnwache vor der L\u00fcbecker Synagoge auf und verteilt Flugbl\u00e4tter in der L\u00fcbecker Innenstadt.<\/p>\n\n\n\n<div style=\"height:40px\" aria-hidden=\"true\" class=\"wp-block-spacer\"><\/div>\n\n\n\n<p class=\"has-foreground-color has-text-color has-link-color has-medium-font-size wp-elements-5ca9ff74e2f523e752a3e635500de0c5\">29. April<\/p>\n\n\n\n<p class=\"has-body-text-color has-text-color has-link-color wp-elements-9125e7a5c76a0e1a82cb6674015fbc6e\">&#8222;Ein Anschlag mit Geschichte &#8211; Zur Entwicklung des Antisemitismus in Schleswig-Holstein nach 1945&#8220; (Vortrag mit S. Bussenius vom &#8222;Arbeitskreis zur Erforschung des Nationalsozialismus in Schleswig-Holstein&#8220;, Veranstalter: &#8222;Miteinander leben&#8220;)<\/p>\n\n\n\n<div style=\"height:40px\" aria-hidden=\"true\" class=\"wp-block-spacer\"><\/div>\n\n\n\n<p class=\"has-foreground-color has-text-color has-link-color has-medium-font-size wp-elements-246b02de2de71fe16877e4b6b2442be4\">14. &#8211; 22. Mai<\/p>\n\n\n\n<p class=\"has-body-text-color has-text-color has-link-color wp-elements-922a3f9f05dc877cf659748e19ece040\">&#8222;Landbunter &#8211; Woche der guten Nachbarschaft&#8220; in Schleswig-Holstein:<\/p>\n\n\n\n<ul class=\"wp-block-list has-body-text-color has-text-color has-link-color wp-elements-eaefaf4859e64cc4d9c045e1b2d90ffb\">\n<li>14. Mai: &#8222;Miteinander leben&#8220; nimmt an der Auftaktveranstaltung in Kiel teil.<\/li>\n\n\n\n<li>17. Mai bis 05. Juni: Ausstellung der Photoreportage &#8222;M\u00f6lln nach M\u00f6lln &#8211; Reaktionen einer Kleinstadt auf rassistische Gewalt&#8220; von Walle im M\u00f6llner Stadthaus<\/li>\n\n\n\n<li>17. Mai: Der von Danielle Mitterand initiierte &#8222;Europ\u00e4ische Pa\u00df gegen Rassismus&#8220; wird in M\u00f6lln vorgestellt.<\/li>\n\n\n\n<li>17. Mai: Autorenlesung mit dem t\u00fcrkischen Satiriker Sinan Dikmen<\/li>\n\n\n\n<li>21. Mai: 2. Begegnungsfest des Vereins &#8222;Miteinander leben&#8220;<\/li>\n<\/ul>\n\n\n\n<div style=\"height:40px\" aria-hidden=\"true\" class=\"wp-block-spacer\"><\/div>\n\n\n\n<figure class=\"wp-block-image aligncenter size-full\"><img loading=\"lazy\" decoding=\"async\" width=\"940\" height=\"633\" src=\"https:\/\/walle.net\/wordpress\/wp-content\/uploads\/2024\/12\/199302521.jpg\" alt=\"\" class=\"wp-image-656\" srcset=\"https:\/\/walle.net\/wordpress\/wp-content\/uploads\/2024\/12\/199302521.jpg 940w, https:\/\/walle.net\/wordpress\/wp-content\/uploads\/2024\/12\/199302521-300x202.jpg 300w, https:\/\/walle.net\/wordpress\/wp-content\/uploads\/2024\/12\/199302521-768x517.jpg 768w\" sizes=\"auto, (max-width: 940px) 100vw, 940px\" \/><figcaption class=\"wp-element-caption\">Schweigemarsch<br>Nur wenige M\u00f6llner nehmen an den regelm\u00e4\u00dfigen Schweigem\u00e4rschen teil.<\/figcaption><\/figure>\n\n\n\n<div style=\"height:40px\" aria-hidden=\"true\" class=\"wp-block-spacer\"><\/div>\n<\/div>\n\n\n\n<div class=\"wp-block-column is-layout-flow wp-block-column-is-layout-flow\" style=\"flex-basis:33.33%\">\n<ul class=\"wp-block-list\">\n<li><a href=\"https:\/\/walle.net\/wordpress\/moelln\/\" data-type=\"page\" data-id=\"543\">M\u00f6lln nach M\u00f6lln<\/a><\/li>\n\n\n\n<li><a href=\"https:\/\/walle.net\/wordpress\/moelln\/moelln2\/\" data-type=\"page\" data-id=\"543\">M\u00f6lln hat viele Gesichter<\/a><\/li>\n\n\n\n<li><a href=\"https:\/\/walle.net\/wordpress\/moelln\/zitate-1\/\" data-type=\"page\" data-id=\"573\">Zitate 1<\/a><\/li>\n\n\n\n<li><a href=\"https:\/\/walle.net\/wordpress\/moelln\/zitate-2\/\" data-type=\"page\" data-id=\"543\">Zitate 2<\/a><\/li>\n\n\n\n<li><a href=\"https:\/\/walle.net\/wordpress\/moelln\/chronologie\/\" data-type=\"page\" data-id=\"543\">Chronologie<\/a><\/li>\n\n\n\n<li><a href=\"https:\/\/walle.net\/wordpress\/moelln\/presse\/\" data-type=\"page\" data-id=\"543\">Pressestimmen<\/a><\/li>\n\n\n\n<li><a href=\"https:\/\/walle.net\/wordpress\/moelln\/autor\/\" data-type=\"page\" data-id=\"543\">Autor<\/a><\/li>\n\n\n\n<li><a href=\"https:\/\/walle.net\/wordpress\/moelln\/ausstellung\/\" data-type=\"page\" data-id=\"543\">Ausstellung<\/a><\/li>\n\n\n\n<li><a href=\"https:\/\/walle.net\/wordpress\/moelln\/interview\/\" data-type=\"page\" data-id=\"543\">Interview<\/a><\/li>\n<\/ul>\n<\/div>\n<\/div>\n","protected":false},"excerpt":{"rendered":"<p>Die Chronologie der M\u00f6llner Ereignisse ==================== 1992 ======================================= 31. Oktober Demonstration der Antifa-Jugendfront gegen Fremdenfeindlichkeit [&hellip;]<\/p>\n","protected":false},"author":1,"featured_media":0,"parent":543,"menu_order":5,"comment_status":"closed","ping_status":"closed","template":"","meta":{"footnotes":""},"class_list":["post-640","page","type-page","status-publish","hentry"],"_links":{"self":[{"href":"https:\/\/walle.net\/wordpress\/wp-json\/wp\/v2\/pages\/640","targetHints":{"allow":["GET"]}}],"collection":[{"href":"https:\/\/walle.net\/wordpress\/wp-json\/wp\/v2\/pages"}],"about":[{"href":"https:\/\/walle.net\/wordpress\/wp-json\/wp\/v2\/types\/page"}],"author":[{"embeddable":true,"href":"https:\/\/walle.net\/wordpress\/wp-json\/wp\/v2\/users\/1"}],"replies":[{"embeddable":true,"href":"https:\/\/walle.net\/wordpress\/wp-json\/wp\/v2\/comments?post=640"}],"version-history":[{"count":8,"href":"https:\/\/walle.net\/wordpress\/wp-json\/wp\/v2\/pages\/640\/revisions"}],"predecessor-version":[{"id":866,"href":"https:\/\/walle.net\/wordpress\/wp-json\/wp\/v2\/pages\/640\/revisions\/866"}],"up":[{"embeddable":true,"href":"https:\/\/walle.net\/wordpress\/wp-json\/wp\/v2\/pages\/543"}],"wp:attachment":[{"href":"https:\/\/walle.net\/wordpress\/wp-json\/wp\/v2\/media?parent=640"}],"curies":[{"name":"wp","href":"https:\/\/api.w.org\/{rel}","templated":true}]}}